{"id":169,"date":"2013-01-09T21:51:14","date_gmt":"2013-01-09T20:51:14","guid":{"rendered":"http:\/\/halldesigner.de\/wp\/?page_id=169"},"modified":"2014-11-13T13:12:09","modified_gmt":"2014-11-13T12:12:09","slug":"anja-kramer","status":"publish","type":"page","link":"https:\/\/kraemer-agrarconsulting.de\/beratung\/anja-kramer\/","title":{"rendered":"Anja Kr\u00e4mer"},"content":{"rendered":"<div class=\"one_third\">\n<h3>Anja Kr\u00e4mer<\/h3>\n<p>&gt; B\u00fcroorganisation<br \/>\n&gt; Buchhaltung<br \/>\n&gt; Unternehmens- und Finanzkommunikation\n<\/p><\/div>\n<div class=\"two_thirds last\">\n<p><a href=\"https:\/\/kraemer-agrarconsulting.de\/beratung\/anja-kramer\/anja\/\" rel=\"attachment wp-att-166\"><img decoding=\"async\" loading=\"lazy\" class=\"size-thumbnail wp-image-166  alignleft\" alt=\"Anja Kr\u00e4mer\" src=\"https:\/\/kraemer-agrarconsulting.de\/beratung\/wp-content\/uploads\/2013\/01\/anja-120x120.jpg\" width=\"100\" height=\"100\" \/><\/a><\/p>\n<p>&nbsp;<\/p>\n<p>Ich halte die organisatorischen F\u00e4den bei Kr\u00e4mer Agrar Consulting in der Hand. Das hei\u00dft, ich stimme zum Beispiel die Termine mit Kunden ab und sorge f\u00fcr die p\u00fcnktliche Beantragung von F\u00f6rdermitteln. Dar\u00fcber hinaus bin ich f\u00fcr Planung und Abrechnung von Reisen sowie f\u00fcr die Steuerung des Zahlungsverkehrs im Auftrag von Kunden verantwortlich. Dabei kommt mir meine sprachliche Ausbildung zu gute. Ich spreche flie\u00dfend Englisch und Russisch.\u00a0 Au\u00dferdem verf\u00fcge ich \u00fcber Grundkenntnisse in Rum\u00e4nisch und Franz\u00f6sisch.<\/p>\n<div><\/div>\n<p>Neben der Arbeit bei Kr\u00e4mer Agrar Consulting studierte ich an der Hochschule Merseburg. Ich habe am 30.09.2014 meinen Bachelor-Abschluss in Betriebswirtschaft mit Pr\u00e4dikat abgeschlossen und bin gleichzeitig als beratende Betriebswirtin t\u00e4tig. Meine Examensarbeit habe ich \u00fcber Unternehmensethik am Beispiel der internationalen Landwirtschaftsgesellschaft Ingleby-Farms geschrieben. In den zur\u00fcckliegenden Jahren konnte ich in verschiedenen, internationalen Projekten vielf\u00e4ltige berufliche Erfahrungen sammeln. Dazu geh\u00f6rt die Mitarbeit bei der Betreuung der Erntelogistik und die \u00dcberwachung des Erntegutes im Jahr 2007. Nicht zuletzt bringt mir auch die F\u00fchrung eines \u201eFamilienunternehmens\u201c mit vier Kindern unsch\u00e4tzbares Wissen \u00fcber effektive Organisation und erfolgreiche Kommunikation.<\/p>\n<p><a title=\"B\u00fcro Halle\" href=\"https:\/\/kraemer-agrarconsulting.de\/beratung\/standort-halle\/\">Mail-Formular<\/a><\/p>\n<p>&nbsp;<\/p>\n<\/div>\n<div class=\"clear\"><\/div>\n","protected":false},"excerpt":{"rendered":"","protected":false},"author":3,"featured_media":0,"parent":0,"menu_order":0,"comment_status":"closed","ping_status":"open","template":"page-designer-content.php","meta":[],"_links":{"self":[{"href":"https:\/\/kraemer-agrarconsulting.de\/beratung\/wp-json\/wp\/v2\/pages\/169"}],"collection":[{"href":"https:\/\/kraemer-agrarconsulting.de\/beratung\/wp-json\/wp\/v2\/pages"}],"about":[{"href":"https:\/\/kraemer-agrarconsulting.de\/beratung\/wp-json\/wp\/v2\/types\/page"}],"author":[{"embeddable":true,"href":"https:\/\/kraemer-agrarconsulting.de\/beratung\/wp-json\/wp\/v2\/users\/3"}],"replies":[{"embeddable":true,"href":"https:\/\/kraemer-agrarconsulting.de\/beratung\/wp-json\/wp\/v2\/comments?post=169"}],"version-history":[{"count":31,"href":"https:\/\/kraemer-agrarconsulting.de\/beratung\/wp-json\/wp\/v2\/pages\/169\/revisions"}],"predecessor-version":[{"id":641,"href":"https:\/\/kraemer-agrarconsulting.de\/beratung\/wp-json\/wp\/v2\/pages\/169\/revisions\/641"}],"wp:attachment":[{"href":"https:\/\/kraemer-agrarconsulting.de\/beratung\/wp-json\/wp\/v2\/media?parent=169"}],"curies":[{"name":"wp","href":"https:\/\/api.w.org\/{rel}","templated":true}]}}